{"id":432,"date":"2022-05-16T10:46:14","date_gmt":"2022-05-16T08:46:14","guid":{"rendered":"https:\/\/filmpreis.rznk.de\/?page_id=432"},"modified":"2025-10-15T15:20:27","modified_gmt":"2025-10-15T13:20:27","slug":"jury","status":"publish","type":"page","link":"https:\/\/www.guenter-rohrbach-filmpreis.de\/?page_id=432","title":{"rendered":"Jury"},"content":{"rendered":"<p>[et_pb_section fb_built=&#8220;1&#8243; _builder_version=&#8220;4.17.3&#8243; _module_preset=&#8220;default&#8220; min_height=&#8220;216px&#8220; custom_margin=&#8220;-118px||||false|false&#8220; custom_padding=&#8220;||2px|||&#8220; global_colors_info=&#8220;{}&#8220;][et_pb_row use_custom_gutter=&#8220;on&#8220; gutter_width=&#8220;1&#8243; make_equal=&#8220;on&#8220; _builder_version=&#8220;4.18.0&#8243; _module_preset=&#8220;default&#8220; background_color=&#8220;RGBA(255,255,255,0)&#8220; width=&#8220;100%&#8220; max_width=&#8220;100%&#8220; custom_padding=&#8220;0px||0px||false|false&#8220; global_module=&#8220;329&#8243; global_colors_info=&#8220;{}&#8220;][et_pb_column type=&#8220;4_4&#8243; _builder_version=&#8220;4.16&#8243; _module_preset=&#8220;default&#8220; global_colors_info=&#8220;{}&#8220;][et_pb_image src=&#8220;https:\/\/filmpreis.rznk.de\/wp-content\/uploads\/2021\/10\/GR_FP_logo_web.png&#8220; title_text=&#8220;GR_FP_logo_web&#8220; align=&#8220;center&#8220; _builder_version=&#8220;4.18.0&#8243; _module_preset=&#8220;default&#8220; background_color=&#8220;RGBA(255,255,255,0)&#8220; min_height=&#8220;116px&#8220; height=&#8220;100px&#8220; max_height=&#8220;100px&#8220; custom_margin=&#8220;4px||||false|false&#8220; border_width_all=&#8220;3px&#8220; border_color_all=&#8220;RGBA(255,255,255,0)&#8220; global_colors_info=&#8220;{}&#8220;][\/et_pb_image][\/et_pb_column][\/et_pb_row][et_pb_row use_custom_gutter=&#8220;on&#8220; gutter_width=&#8220;1&#8243; make_equal=&#8220;on&#8220; _builder_version=&#8220;4.16&#8243; _module_preset=&#8220;default&#8220; width=&#8220;100%&#8220; max_width=&#8220;100%&#8220; custom_padding=&#8220;0px||0px||false|false&#8220; custom_css_main_element=&#8220;display: flex;&#8220; global_module=&#8220;330&#8243; global_colors_info=&#8220;{}&#8220;][et_pb_column type=&#8220;4_4&#8243; _builder_version=&#8220;4.16&#8243; _module_preset=&#8220;default&#8220; global_colors_info=&#8220;{}&#8220;][et_pb_menu menu_style=&#8220;centered&#8220; dropdown_menu_line_color=&#8220;#e30613&#8243; _builder_version=&#8220;4.17.4&#8243; _module_preset=&#8220;default&#8220; menu_text_color=&#8220;#FFFFFF&#8220; background_color=&#8220;#e30613&#8243; height=&#8220;45px&#8220; custom_padding=&#8220;4px||||false|false&#8220; sticky_position=&#8220;top&#8220; border_width_top=&#8220;1px&#8220; border_color_top=&#8220;#ff0000&#8243; global_colors_info=&#8220;{}&#8220;][\/et_pb_menu][\/et_pb_column][\/et_pb_row][\/et_pb_section][et_pb_section fb_built=&#8220;1&#8243; _builder_version=&#8220;4.17.3&#8243; _module_preset=&#8220;default&#8220; custom_margin=&#8220;0px|0px|0px|0px|false|false&#8220; custom_padding=&#8220;0px|0px|0px|0px|false|false&#8220; global_colors_info=&#8220;{}&#8220;][et_pb_row _builder_version=&#8220;4.17.3&#8243; _module_preset=&#8220;default&#8220; global_colors_info=&#8220;{}&#8220;][et_pb_column type=&#8220;4_4&#8243; _builder_version=&#8220;4.17.3&#8243; _module_preset=&#8220;default&#8220; global_colors_info=&#8220;{}&#8220;][et_pb_text _builder_version=&#8220;4.21.0&#8243; _module_preset=&#8220;default&#8220; global_colors_info=&#8220;{}&#8220;]<\/p>\n<h1>Die Jury 2025<\/h1>\n<p>[\/et_pb_text][et_pb_team_member name=&#8220;Dominik Graf &#8211; Juryvorsitzender&#8220; image_url=&#8220;https:\/\/www.guenter-rohrbach-filmpreis.de\/wp-content\/uploads\/2025\/06\/Dominik_Graf-Copyright-Caroline_Link.png&#8220; _builder_version=&#8220;4.27.4&#8243; _module_preset=&#8220;default&#8220; global_colors_info=&#8220;{}&#8220;]<\/p>\n<p style=\"font-weight: 400;\">Dominik Graf geb. 1952, Sohn des Schauspielers Robert Graf und der Schauspielerin und Schriftstellerin Selma Urfer. Zwischen 1974 und 1979 Studium der Regie an der Hochschule f\u00fcr Film und Fernsehen M\u00fcnchen (HFF), danach Regisseur und Autor. Filme u.a.: \u00abTatort: Schwarzes Wochenende\u00bb (1986), \u00abDie Katze\u00bb (1987), \u00abDie Sieger\u00bb (1994), \u00abTatort: Frau Bu lacht\u00bb (1995), \u00abDer Skorpion\u00bb (1997), \u00abDer Felsen\u00bb (2001), \u00abHotte im Paradies\u00bb (2002), \u00abDer rote Kakadu\u00bb (2005), \u00abEine Stadt wird erpresst\u00bb (2006), \u00abIm Angesicht des Verbrechens\u00bb (2008\/2009), \u00abPolizeiruf 110: Cassandras Warnung\u00bb (2011), \u00abDie geliebten Schwestern\u00bb (2012), \u00abFabian oder Der Gang vor die Hunde\u00bb (2020). Auszeichnungen u.a.: Bundesfilmpreis f\u00fcr Regie 1988 und Silberne Lola 2022, mehrere Grimme-, Bayerische und Deutsche Fernsehpreise.<\/p>\n<p>\u00a9 Foto: Caroline Link<\/p>\n<p>[\/et_pb_team_member][et_pb_team_member name=&#8220;Oliver Hottong&#8220; image_url=&#8220;https:\/\/www.guenter-rohrbach-filmpreis.de\/wp-content\/uploads\/2024\/09\/Oliver-Hottong-small.png&#8220; _builder_version=&#8220;4.27.0&#8243; _module_preset=&#8220;default&#8220; global_colors_info=&#8220;{}&#8220;]<\/p>\n<p>Oliver Hottong ist Journalist und Filmexperte beim Saarl\u00e4ndischen Rundfunk. Er studierte Germanistik und Musikwissenschaft mit Schwerpunkt Film und Medienanalyse. F\u00fcr den Saarl\u00e4ndischen Rundfunk hat er mehrere Filmfestivals berichterstattend, moderierend und organisierend begleitet.<\/p>\n<p>Seit vielen Jahren ist er Mitglied der Drehbuchjury des Filmfestivals Max Oph\u00fcls Preis. J\u00fcngst hat er eine fiktionale Webserie f\u00fcr den SR betreut.<\/p>\n<p>[\/et_pb_team_member][et_pb_team_member name=&#8220;Ulrike Kriener&#8220; image_url=&#8220;https:\/\/www.guenter-rohrbach-filmpreis.de\/wp-content\/uploads\/2025\/10\/Ulrike-Kriener-c-Maximilian-Motel.jpg&#8220; disabled_on=&#8220;off|off|off&#8220; _builder_version=&#8220;4.27.4&#8243; _module_preset=&#8220;default&#8220; global_colors_info=&#8220;{}&#8220;]<\/p>\n<p style=\"font-weight: 400;\">Ulrike Kriener geh\u00f6rt seit vielen Jahren zu den bekanntesten Schauspielerinnen des deutschen Films und Fernsehens. Sie \u00fcberzeugt mit einer au\u00dfergew\u00f6hnlichen Bandbreite \u2013 gleicherma\u00dfen stark in Kom\u00f6dien wie in Dramen.<br \/>Geboren 1954 in Bottrop, besuchte sie von 1976 bis 1979 die Schauspielschule in Hamburg und ging danach ins Engagement am Schlo\u00dftheater Moers, das mit seinen au\u00dfergew\u00f6hnlichen Produktionen unter den deutschen Stadttheatern auffiel.<br \/>1983 gr\u00fcndete sie in Freiburg mit zwei weiteren Schauspielerinnen eine eigene Theatergruppe, spielte in St\u00fcckvertr\u00e4gen am Freiburger Theater und am Residenztheater M\u00fcnchen, um 1986 nach M\u00fcnchen zu ziehen.<br \/>Der Erfolg des Kinofilms \u201eM\u00e4nner\u201c machte sie mit einem Schlag bekannt und erm\u00f6glichte ihr ab da den Weg zu weiteren Erfolgen.<br \/>Sie spielte in Filmen wie \u201eDer Hammerm\u00f6rder\u201c, \u201eWillkommen bei den Hartmanns\u201c, \u201eKlimawechsel\u201c, \u201eAm Ende des Tunnels\u201c oder \u201eEin gro\u00dfer Aufbruch\u201c mit, um nur einige ihrer erfolgreichen Rollen zu nennen.<br \/>Mit der \u201eKommissarin Lucas\u201c, die sie ab 2003 spielte, gelang ihr eine eigenwillige und spr\u00f6de Ermittlerin, die 20 Jahre erfolgreich die Fernsehlandschaft pr\u00e4gte und ihr mehrere Preise einbrachte.<br \/>Ausgezeichnet wurde die Schauspielerin au\u00dferdem u.a. mit dem Grimmepreis, dem Bayerischen Fernsehpreis und dem Deutschen Fernsehpreis.<br \/>Ehrenamtlich engagiert sich Ulrike Kriener bspw. f\u00fcr das Projekt \u201eCostura\u201c, welches brasilianische Frauen und ihre Kinder unterst\u00fctzt und ist Schirmherrin f\u00fcr das ambulante Malteser Kinderhospiz. Au\u00dferdem ist sie Botschafterin der Walter-Schulz-Stiftung, welche die Forschungsarbeit bei der Fr\u00fcherkennung von Krebs f\u00f6rdert.<\/p>\n<p style=\"font-weight: 400;\">\u00a9 Foto: Maximilian Motel<\/p>\n<p>[\/et_pb_team_member][et_pb_team_member name=&#8220;Alfred Holighaus&#8220; image_url=&#8220;https:\/\/www.guenter-rohrbach-filmpreis.de\/wp-content\/uploads\/2025\/09\/Alfred-Holighaus-Portraet.jpg&#8220; disabled_on=&#8220;off|off|off&#8220; _builder_version=&#8220;4.27.4&#8243; _module_preset=&#8220;default&#8220; global_colors_info=&#8220;{}&#8220;]<\/p>\n<p style=\"font-weight: 400;\">Alfred Holighaus wurde 1959 in Hessen geboren und ist seit April 2025 Gesch\u00e4ftsf\u00fchrer und stellv. Direktor der Stiftung Kuratorium junger deutscher Film. Zuvor arbeitete er als Development Executive und Produzent bei REAL FILM Berlin GmbH. Er war Pr\u00e4sident der Spitzenorganisation der Filmwirtschaft e.V. (SPIO) von 2015 \u2013 2019 und war von 2010 \u2013 2015 Gesch\u00e4ftsf\u00fchrer der Deutschen Filmakademie e.V.<\/p>\n<p style=\"font-weight: 400;\">F\u00fcr die Internationalen Filmfestspiele Berlin (Berlinale) war von 2001 bis 2010 als Kurator t\u00e4tig. Er war Mitglied des Auswahlausschusses des internationalen Wettbewerbs und k\u00fcmmerte sich um die deutschen Beitr\u00e4ge im Programm. Mit der von ihm programmierten und neun Jahre geleiteten Sektion Perspektive Deutsches Kino schuf er eine spezielle Plattform f\u00fcr den deutschen Filmnachwuchs.<\/p>\n<p style=\"font-weight: 400;\">In dieser Zeit entstanden die von ihm frei produzierten Dokumentarfilme GRAM PARSONS: FALLEN ANGEL und MERLE HAGGARD: LEARNING TO LIVE WITH MYSELF (beide unter der Regie von Gandulf Henning) sowie SPUR DER B\u00c4REN \u2013 60 JAHRE BERLINALE zusammen mit Hans-Christoph Blumenberg (Produktion: Zero Fiction).<\/p>\n<p style=\"font-weight: 400;\">Vor seiner T\u00e4tigkeit als Kurator war Holighaus von 1995 bis 2001 f\u00fcr die Akquise und Entwicklung deutscher und internationaler Filme bei Senator Film zust\u00e4ndig und f\u00fchrte im letzten Jahr auch die Gesch\u00e4fte des Verleihs. \u00a0<\/p>\n<p style=\"font-weight: 400;\">Von 1980 bis 1995 war Holighaus als Kultur-und Filmjournalist t\u00e4tig (u.a. von 1986 bis 1995 Chefredakteur des Berliner Stadtmagazins TIP.)<\/p>\n<p style=\"font-weight: 400;\">Holighaus war und ist Mitglied verschiedener TV- und Filmjurys (z.B. Grimme-Preis, Max-Oph\u00fcls-Preis, Studio Hamburg Nachwuchspreis, Drehbuchpreis der Diagonale, Graz) und des Vergabegremiums Drehbuch\/Produktion bei der FFA. Dar\u00fcber hinaus ist er ehrenamtlicher Vorstand Talentfilm beim Kuratorium junger deutscher Film.<\/p>\n<p style=\"font-weight: 400;\">Holighaus ist Mitglied der Deutschen und der Europ\u00e4ischen Filmakademie sowie der Deutschen Akademie der Darstellenden K\u00fcnste.<\/p>\n<p style=\"font-weight: 400;\">Preise: Ehrenpreis des Festivals Max-Oph\u00fcls-Preis 2012, Filmpreis der Stadt Hof 2018, Deutscher Fernsehkrimi-Preis 2025<\/p>\n<p style=\"font-weight: 400;\">[\/et_pb_team_member][et_pb_team_member name=&#8220;Uli Aselmann&#8220; image_url=&#8220;https:\/\/filmpreis.rznk.de\/wp-content\/uploads\/2022\/05\/Uli_Aselmann2.jpg&#8220; _builder_version=&#8220;4.27.0&#8243; _module_preset=&#8220;default&#8220; global_colors_info=&#8220;{}&#8220;]<\/p>\n<p><span>Der geb\u00fcrtige Hamburger Uli Aselmann gr\u00fcndete 1997 die film gmbh in M\u00fcnchen, sowie in den folgenden Jahren die Tochterfirmen a.pictures film &amp; tv.production in Hamburg, cut.it film- und postproduktion in Stuttgart und BER film &amp; tv produktion in Berlin. Aselmann ist gesch\u00e4ftsf\u00fchrender Gesellschafter und Produzent dieser Firmen. Die Unternehmen haben weit \u00fcber 100 TV- und Kinoproduktionen realisiert, von denen viele f\u00fcr internationale und nationale Preise nominiert und in verschiedenen Kategorien ausgezeichnet wurden. <\/span><\/p>\n<p><span>Zu den wichtigsten Kinoproduktionen von Uli Aselmann geh\u00f6ren DER KALTE FINGER (1995), DIE MUSTERKNABEN (1997), VAYA CON DIOS (2002), GRENZVERKEHR (2005), WINTERREISE (2006), DIE PERLMUTTERFARBE (2009) und DAS BLAUE VOM HIMMEL (2011), f\u00fcr den Aselmann mit dem Bayerischen Filmpreis ausgezeichnet wurde. Die erfolgreiche Kinoproduktion DREIVIERTELMOND wurde 2012 f\u00fcr den Deutschen Filmpreis nominiert und der Fernsehfilm \u201eT\u00f6dlicher Rausch\u201c auf dem Filmfest Hamburg 2011 mit dem Produzentenpreis ausgezeichnet. Im Oktober 2014 war die starbesetzte Kom\u00f6die M\u00c4NNERHORT mit Elyas M\u2019Barek, Christoph Maria Herbst und Detlev Buck der erfolgreichste Kinofilm in den Deutschen Kinos, mit am Ende \u00fcber 1,5 Mio Zuschauern. Die Koproduktion ABOUT A GIRL mit Jasna Fritzi Bauer und Heike Makatsch in den Hauptrollen und das kom\u00f6diantische Roadmovie KLEINE ZIEGE, STURER BOCK mit Wotan Wilke M\u00f6hring unterhielten die deutschen Kinozuschauer im Herbst 2015. Die Kinoproduktion JUGEND OHNE GOTT mit Jannis Niew\u00f6hner, Fahri Yardim, Emilia Sch\u00fcle, Anna Maria M\u00fche und Jannik Sch\u00fcmann u.v.m. kommt im M\u00e4rz 2017 in die Kinos.<\/span><\/p>\n<p><span>Uli Aselmann ist seit Mai 2008 Kinosektionsvorstand und stellvertretender Vorstandsvorsitzender der Produzentenallianz und seit Februar 2009 Pr\u00e4sidiumsmitglied der Filmf\u00f6rderungsanstalt (FFA) und Mitglied der Deutschen Filmakademie.<\/span><\/p>\n<p>[\/et_pb_team_member][et_pb_team_member name=&#8220;Ulrich H\u00f6cherl&#8220; image_url=&#8220;https:\/\/filmpreis.rznk.de\/wp-content\/uploads\/2022\/05\/Ulrich-Hoecherl.jpg&#8220; _builder_version=&#8220;4.27.4&#8243; _module_preset=&#8220;default&#8220; hover_enabled=&#8220;0&#8243; global_colors_info=&#8220;{}&#8220; sticky_enabled=&#8220;0&#8243;]<\/p>\n<p style=\"font-weight: 400;\">Ulrich H\u00f6cherl (geb. 1957) ist Autor und Publizist im Film- und Medienbereich.<\/p>\n<p style=\"font-weight: 400;\">Bis Herbst 2025 war er mehr als 30 Jahre lang als\u00a0Chefredakteur und Herausgeber\u00a0verantwortlich f\u00fcr die Branchenpublikation Blickpunkt:Film, ihre s\u00e4mtlichen Ableger und Printver\u00f6ffentlichungen und ihr Onlineportal\u00a0<a href=\"http:\/\/blickpunktfilm.de\/\">blickpunktfilm.de<\/a>.<\/p>\n<p style=\"font-weight: 400;\">Seit 40 Jahren arbeitet der Volljurist als Medienjournalist und Filmkritiker f\u00fcr Fachpublikationen im Entertainmentbereich, die er zumeist\u00a0auch als Chefredakteur verantwortete. Eine Reihe davon hat er mit konzipiert und in den Markt eingef\u00fchrt.<\/p>\n<p style=\"font-weight: 400;\">Als Chefredakteur des Entertainment Media Verlages, sp\u00e4ter\u00a0bei der Gruner + Jahr-Tochter G+J Entertainment Media, der Busch Group und der BG Germany GmbH leitete er in M\u00fcnchen Fach- und Publikumszeitschriften wie VideoWoche oder Treffpunkt Kino sowie ihre Onlineportale im Kino-\/Film-, Video-, Musik- und Gamesbereich.<\/p>\n<p>[\/et_pb_team_member][et_pb_team_member name=&#8220;Thomas Reinhardt&#8220; image_url=&#8220;https:\/\/www.guenter-rohrbach-filmpreis.de\/wp-content\/uploads\/2024\/09\/Thomas_Reinhardt_Portraet.jpg&#8220; _builder_version=&#8220;4.27.0&#8243; _module_preset=&#8220;default&#8220; global_colors_info=&#8220;{}&#8220;]<\/p>\n<p><span>Der Redakteur, Buchautor und Fotograf hat sich seit nunmehr 30 Jahren dem Kino verschrieben. Als ehemaliger Kinoredakteur bei der Saarbr\u00fccker Zeitung ist er wie geschaffen f\u00fcr die Jury des <em>G\u00fcnter Rohrbach Filmpreises<\/em>. Mehrere Jahre sa\u00df er im Auswahlausschuss f\u00fcr den Saarbr\u00fccker Max-Oph\u00fcls-Preis.<\/span><br \/><span><\/span><\/p>\n<p><span>Als Autor hat er unter anderem B\u00fccher wie \u201e20 Jahre Max Oph\u00fcls Preis\u201c und \u201eDas Saarland kocht\u201c ver\u00f6ffentlicht. In Neunkirchen und Umgebung gab es schon einige Ausstellungen seiner Fotografien.<\/span><\/p>\n<p>[\/et_pb_team_member][et_pb_team_member name=&#8220;J\u00fcrgen Fried&#8220; image_url=&#8220;https:\/\/filmpreis.rznk.de\/wp-content\/uploads\/2022\/05\/Juergen-Fried-JW-13&#215;18-1.jpg&#8220; _builder_version=&#8220;4.17.4&#8243; _module_preset=&#8220;default&#8220; global_colors_info=&#8220;{}&#8220;]<\/p>\n<p><span>Der ehemalige Oberb\u00fcrgermeister der Kreisstadt Neunkirchen und heutige <\/span><em>Vorsitzende der G\u00fcnter Rohrbach Filmpreis Stiftung<\/em><span> ist 1953 hier geboren und machte sein Abitur am Gymnasium am Krebsberg. Nach dem Wehrdienst folgte das Jura-Studium in Saarbr\u00fccken. Als angestellter Rechtsanwalt und sp\u00e4terer Sozius wirkte er in der Kanzlei Thommes &amp; B\u00f6hmert bis er 2000 zum B\u00fcrgermeister der Kreisstadt Neunkirchen berufen wurde. Dieses\u00a0Amt hatte er bis zu seiner Wahl zum Oberb\u00fcrgermeister 2009 inne. <\/span><\/p>\n<p><span>Aber auch im Filmbereich hat J\u00fcrgen Fried seine Erfahrung. In den 90er Jahren war er gemeinsam mit dem Neunkircher Filmschaffenden G\u00fcnther Ruschel Gr\u00fcnder und Mitinhaber der Filmproduktionsgesellschaft \u201eRuschel und Fried&#8220;. In dieser Phase entstand unter anderem der Kurzfilm \u201eTotenglocken im Walzertakt\u201c (Max Oph\u00fcls Festival).<\/span><\/p>\n<p>[\/et_pb_team_member][\/et_pb_column][\/et_pb_row][\/et_pb_section][et_pb_section fb_built=&#8220;1&#8243; fullwidth=&#8220;on&#8220; _builder_version=&#8220;4.17.3&#8243; _module_preset=&#8220;default&#8220; global_colors_info=&#8220;{}&#8220;][et_pb_fullwidth_image src=&#8220;https:\/\/www.guenter-rohrbach-filmpreis.de\/wp-content\/uploads\/2025\/09\/Footer-2025_neu-1-scaled.png&#8220; title_text=&#8220;Footer 2025_neu&#8220; disabled_on=&#8220;off|off|off&#8220; _builder_version=&#8220;4.27.4&#8243; _module_preset=&#8220;default&#8220; background_color=&#8220;#FFFFFF&#8220; custom_margin=&#8220;0px||||false|false&#8220; motion_trigger_start=&#8220;top&#8220; global_module=&#8220;358&#8243; saved_tabs=&#8220;all&#8220; global_colors_info=&#8220;{}&#8220;][\/et_pb_fullwidth_image][\/et_pb_section]<\/p>\n","protected":false},"excerpt":{"rendered":"<p>Die Jury 2025Dominik Graf geb. 1952, Sohn des Schauspielers Robert Graf und der Schauspielerin und Schriftstellerin Selma Urfer. Zwischen 1974 und 1979 Studium der Regie an der Hochschule f\u00fcr Film und Fernsehen M\u00fcnchen (HFF), danach Regisseur und Autor. Filme u.a.: \u00abTatort: Schwarzes Wochenende\u00bb (1986), \u00abDie Katze\u00bb (1987), \u00abDie Sieger\u00bb (1994), \u00abTatort: Frau Bu lacht\u00bb (1995), [&hellip;]<\/p>\n","protected":false},"author":2,"featured_media":0,"parent":0,"menu_order":0,"comment_status":"closed","ping_status":"closed","template":"","meta":{"_et_pb_use_builder":"on","_et_pb_old_content":"","_et_gb_content_width":"","footnotes":""},"class_list":["post-432","page","type-page","status-publish","hentry"],"_links":{"self":[{"href":"https:\/\/www.guenter-rohrbach-filmpreis.de\/index.php?rest_route=\/wp\/v2\/pages\/432","targetHints":{"allow":["GET"]}}],"collection":[{"href":"https:\/\/www.guenter-rohrbach-filmpreis.de\/index.php?rest_route=\/wp\/v2\/pages"}],"about":[{"href":"https:\/\/www.guenter-rohrbach-filmpreis.de\/index.php?rest_route=\/wp\/v2\/types\/page"}],"author":[{"embeddable":true,"href":"https:\/\/www.guenter-rohrbach-filmpreis.de\/index.php?rest_route=\/wp\/v2\/users\/2"}],"replies":[{"embeddable":true,"href":"https:\/\/www.guenter-rohrbach-filmpreis.de\/index.php?rest_route=%2Fwp%2Fv2%2Fcomments&post=432"}],"version-history":[{"count":22,"href":"https:\/\/www.guenter-rohrbach-filmpreis.de\/index.php?rest_route=\/wp\/v2\/pages\/432\/revisions"}],"predecessor-version":[{"id":1741,"href":"https:\/\/www.guenter-rohrbach-filmpreis.de\/index.php?rest_route=\/wp\/v2\/pages\/432\/revisions\/1741"}],"wp:attachment":[{"href":"https:\/\/www.guenter-rohrbach-filmpreis.de\/index.php?rest_route=%2Fwp%2Fv2%2Fmedia&parent=432"}],"curies":[{"name":"wp","href":"https:\/\/api.w.org\/{rel}","templated":true}]}}